{"id":6663,"date":"2021-06-15T08:36:37","date_gmt":"2021-06-15T08:36:37","guid":{"rendered":"https:\/\/rusticaestates.com\/pueblos\/"},"modified":"2023-08-09T15:23:06","modified_gmt":"2023-08-09T15:23:06","slug":"towns","status":"publish","type":"page","link":"https:\/\/rusticaestates.com\/en\/towns\/","title":{"rendered":"Towns"},"content":{"rendered":"<section data-kc-fullwidth=\"content\" class=\"kc-elm kc-css-639457 kc-animate-speed-3s kc_row\"><div class=\"kc-row-container\"><div class=\"kc-wrap-columns\"><div class=\"kc-elm kc-css-632029 kc_col-sm-12 kc_column kc_col-sm-12\"><div class=\"kc-col-container\"><div class=\"kc-elm kc-css-322500\" style=\"height: 40px; clear: both; width:100%;\"><\/div>\n<div class=\"kc-elm kc-css-147444 kc-title-wrap \">\n\n\t<h2 class=\"kc_title\">The best places and towns in Andalusia<\/h2>\n<\/div>\n<div class=\"kc-elm kc-css-938014\" style=\"height: 40px; clear: both; width:100%;\"><\/div>\r\n\r\n<!--Sidebar Page Container-->\r\n<div class=\"sidebar-page-container\">\r\n    <div class=\"auto-container\">\r\n        <div class=\"row clearfix\">\r\n\r\n            <!--Content Side \/ Property List-->\r\n            <div class=\"content-side col-lg-8 col-md-8 col-sm-12 col-xs-12\">\r\n                <div class=\"property-list\">\r\n\r\n                    <!--News Block Four-->\r\n                                        \r\n                        <div class=\"news-block-four\">\r\n                        <div class=\"inner-box\">\r\n                            <div class=\"row clearfix\">\r\n\r\n                                <!--Image Column-->\r\n                                <div class=\"image-column  col-md-7 col-sm-7 col-xs-12\">\r\n                                    <div class=\"image\">\r\n                                        <a href=\"https:\/\/rusticaestates.com\/en\/alpandeire\/\">\r\n                                            <img loading=\"lazy\" decoding=\"async\" width=\"437\" height=\"305\" src=\"https:\/\/rusticaestates.com\/wp-content\/uploads\/2021\/06\/View_of_Alpandeire-437x305.jpg\" class=\"img-responsive wp-post-image\" alt=\"\">                                        <\/a>\r\n                                    <\/div>\r\n                                <\/div>\r\n                                <!--Content Column-->\r\n                                <div class=\"content-column  col-md-5 col-sm-5 col-xs-12\">\r\n                                    <div class=\"inner-column\">\r\n                                        <h3><a href=\"https:\/\/rusticaestates.com\/en\/alpandeire\/\">Alpandeire<\/a><\/h3>\r\n                                        <div class=\"text\">The municipality of Alpandeire is located in the Serran\u00eda de Ronda in the province of Malaga, surrounded by the natural beauty characteristic of the Genal Valley. It is surrounded&hellip;<\/div>\r\n                                        <ul class=\"post-meta\">\r\n                                            <li><span class=\"icon fa fa-user-md\"><\/span>Alejandro<\/li>\r\n                                            <li><span class=\"icon fa fa-calendar-check-o\"><\/span>25 de June de 2021<\/li>\r\n                                        <\/ul>\r\n                                    <\/div>\r\n                                <\/div>\r\n\r\n                            <\/div>\r\n                        <\/div>\r\n                    <\/div>\r\n                    \r\n                                        \r\n                        <div class=\"news-block-five\">\r\n                        <div class=\"inner-box\">\r\n                            <div class=\"row clearfix\">\r\n\r\n                                <!--Image Column-->\r\n                                <div class=\"image-column pull-right col-md-7 col-sm-7 col-xs-12\">\r\n                                    <div class=\"image\">\r\n                                        <a href=\"https:\/\/rusticaestates.com\/en\/algatocin\/\">\r\n                                            <img loading=\"lazy\" decoding=\"async\" width=\"437\" height=\"305\" src=\"https:\/\/rusticaestates.com\/wp-content\/uploads\/2021\/07\/Algatocin1-1-437x305.jpg\" class=\"img-responsive wp-post-image\" alt=\"\">                                        <\/a>\r\n                                    <\/div>\r\n                                <\/div>\r\n                                <!--Content Column-->\r\n                                <div class=\"content-column pull-left col-md-5 col-sm-5 col-xs-12\">\r\n                                    <div class=\"inner-column\">\r\n                                        <h3><a href=\"https:\/\/rusticaestates.com\/en\/algatocin\/\">Algatoc\u00edn<\/a><\/h3>\r\n                                        <div class=\"text\">The lands of Algatoc\u00edn stretch from east to west on the slopes of the mountain range that separates the rivers Genal and Guadiaro. Its peculiar urban structure, a legacy&hellip;<\/div>\r\n                                        <ul class=\"post-meta\">\r\n                                            <li><span class=\"icon fa fa-user-md\"><\/span>Alejandro<\/li>\r\n                                            <li><span class=\"icon fa fa-calendar-check-o\"><\/span>26 de June de 2021<\/li>\r\n                                        <\/ul>\r\n                                    <\/div>\r\n                                <\/div>\r\n\r\n                            <\/div>\r\n                        <\/div>\r\n                    <\/div>\r\n                    \r\n                                        \r\n                        <div class=\"news-block-four\">\r\n                        <div class=\"inner-box\">\r\n                            <div class=\"row clearfix\">\r\n\r\n                                <!--Image Column-->\r\n                                <div class=\"image-column  col-md-7 col-sm-7 col-xs-12\">\r\n                                    <div class=\"image\">\r\n                                        <a href=\"https:\/\/rusticaestates.com\/en\/arcos-de-la-frontera\/\">\r\n                                            <img loading=\"lazy\" decoding=\"async\" width=\"437\" height=\"305\" src=\"https:\/\/rusticaestates.com\/wp-content\/uploads\/2021\/06\/p-arcos-437x305.jpg\" class=\"img-responsive wp-post-image\" alt=\"\">                                        <\/a>\r\n                                    <\/div>\r\n                                <\/div>\r\n                                <!--Content Column-->\r\n                                <div class=\"content-column  col-md-5 col-sm-5 col-xs-12\">\r\n                                    <div class=\"inner-column\">\r\n                                        <h3><a href=\"https:\/\/rusticaestates.com\/en\/arcos-de-la-frontera\/\">Arcos de la Frontera<\/a><\/h3>\r\n                                        <div class=\"text\">Located in the northwest of the province of Cadiz, Arcos marks the natural access to the Sierra de Grazalema and the classic route of the White Villages. Bathed by&hellip;<\/div>\r\n                                        <ul class=\"post-meta\">\r\n                                            <li><span class=\"icon fa fa-user-md\"><\/span>Alejandro<\/li>\r\n                                            <li><span class=\"icon fa fa-calendar-check-o\"><\/span>27 de June de 2021<\/li>\r\n                                        <\/ul>\r\n                                    <\/div>\r\n                                <\/div>\r\n\r\n                            <\/div>\r\n                        <\/div>\r\n                    <\/div>\r\n                    \r\n                                        \r\n                        <div class=\"news-block-five\">\r\n                        <div class=\"inner-box\">\r\n                            <div class=\"row clearfix\">\r\n\r\n                                <!--Image Column-->\r\n                                <div class=\"image-column pull-right col-md-7 col-sm-7 col-xs-12\">\r\n                                    <div class=\"image\">\r\n                                        <a href=\"https:\/\/rusticaestates.com\/en\/algar\/\">\r\n                                            <img loading=\"lazy\" decoding=\"async\" width=\"437\" height=\"305\" src=\"https:\/\/rusticaestates.com\/wp-content\/uploads\/2021\/06\/Algar-P1060335-437x305.jpg\" class=\"img-responsive wp-post-image\" alt=\"\">                                        <\/a>\r\n                                    <\/div>\r\n                                <\/div>\r\n                                <!--Content Column-->\r\n                                <div class=\"content-column pull-left col-md-5 col-sm-5 col-xs-12\">\r\n                                    <div class=\"inner-column\">\r\n                                        <h3><a href=\"https:\/\/rusticaestates.com\/en\/algar\/\">Algar<\/a><\/h3>\r\n                                        <div class=\"text\">Algar (before 1842 Santa Mar\u00eda de Guadalupe del Algar) is a Spanish municipality in the province of C\u00e1diz, Andalusia. In 2008 it had 1,564 inhabitants. It covers an area&hellip;<\/div>\r\n                                        <ul class=\"post-meta\">\r\n                                            <li><span class=\"icon fa fa-user-md\"><\/span>Alejandro<\/li>\r\n                                            <li><span class=\"icon fa fa-calendar-check-o\"><\/span>28 de June de 2021<\/li>\r\n                                        <\/ul>\r\n                                    <\/div>\r\n                                <\/div>\r\n\r\n                            <\/div>\r\n                        <\/div>\r\n                    <\/div>\r\n                    \r\n                                        \r\n                        <div class=\"news-block-four\">\r\n                        <div class=\"inner-box\">\r\n                            <div class=\"row clearfix\">\r\n\r\n                                <!--Image Column-->\r\n                                <div class=\"image-column  col-md-7 col-sm-7 col-xs-12\">\r\n                                    <div class=\"image\">\r\n                                        <a href=\"https:\/\/rusticaestates.com\/en\/atajate\/\">\r\n                                            <img loading=\"lazy\" decoding=\"async\" width=\"437\" height=\"305\" src=\"https:\/\/rusticaestates.com\/wp-content\/uploads\/2021\/07\/atajate-168-habitantes-y-ni-un-solo-caso-de-covid-aqui-no-dejamos-que-entre-el-bicho-437x305.jpg\" class=\"img-responsive wp-post-image\" alt=\"\">                                        <\/a>\r\n                                    <\/div>\r\n                                <\/div>\r\n                                <!--Content Column-->\r\n                                <div class=\"content-column  col-md-5 col-sm-5 col-xs-12\">\r\n                                    <div class=\"inner-column\">\r\n                                        <h3><a href=\"https:\/\/rusticaestates.com\/en\/atajate\/\">Atajate<\/a><\/h3>\r\n                                        <div class=\"text\">Atajate is a Spanish municipality in the province of Malaga, Andalusia, located east of the province in the Genal Valley, being one of the towns that make up the&hellip;<\/div>\r\n                                        <ul class=\"post-meta\">\r\n                                            <li><span class=\"icon fa fa-user-md\"><\/span>Alejandro<\/li>\r\n                                            <li><span class=\"icon fa fa-calendar-check-o\"><\/span>30 de June de 2021<\/li>\r\n                                        <\/ul>\r\n                                    <\/div>\r\n                                <\/div>\r\n\r\n                            <\/div>\r\n                        <\/div>\r\n                    <\/div>\r\n                    \r\n                                        \r\n                        <div class=\"news-block-five\">\r\n                        <div class=\"inner-box\">\r\n                            <div class=\"row clearfix\">\r\n\r\n                                <!--Image Column-->\r\n                                <div class=\"image-column pull-right col-md-7 col-sm-7 col-xs-12\">\r\n                                    <div class=\"image\">\r\n                                        <a href=\"https:\/\/rusticaestates.com\/en\/benadalid\/\">\r\n                                            <img loading=\"lazy\" decoding=\"async\" width=\"437\" height=\"305\" src=\"https:\/\/rusticaestates.com\/wp-content\/uploads\/2021\/07\/Benadalid_29493_Malaga_Spain_-_panoramio_5-437x305.jpg\" class=\"img-responsive wp-post-image\" alt=\"\">                                        <\/a>\r\n                                    <\/div>\r\n                                <\/div>\r\n                                <!--Content Column-->\r\n                                <div class=\"content-column pull-left col-md-5 col-sm-5 col-xs-12\">\r\n                                    <div class=\"inner-column\">\r\n                                        <h3><a href=\"https:\/\/rusticaestates.com\/en\/benadalid\/\">Benadalid<\/a><\/h3>\r\n                                        <div class=\"text\">Benadalid\u00a0 is a Spanish municipality in the province of Malaga, Andalusia, located in the east of the province in the Genal Valley, being one of the towns that make&hellip;<\/div>\r\n                                        <ul class=\"post-meta\">\r\n                                            <li><span class=\"icon fa fa-user-md\"><\/span>Alejandro<\/li>\r\n                                            <li><span class=\"icon fa fa-calendar-check-o\"><\/span>3 de July de 2021<\/li>\r\n                                        <\/ul>\r\n                                    <\/div>\r\n                                <\/div>\r\n\r\n                            <\/div>\r\n                        <\/div>\r\n                    <\/div>\r\n                    \r\n                                        \r\n                        <div class=\"news-block-four\">\r\n                        <div class=\"inner-box\">\r\n                            <div class=\"row clearfix\">\r\n\r\n                                <!--Image Column-->\r\n                                <div class=\"image-column  col-md-7 col-sm-7 col-xs-12\">\r\n                                    <div class=\"image\">\r\n                                        <a href=\"https:\/\/rusticaestates.com\/en\/banalauria\/\">\r\n                                                                                    <\/a>\r\n                                    <\/div>\r\n                                <\/div>\r\n                                <!--Content Column-->\r\n                                <div class=\"content-column  col-md-5 col-sm-5 col-xs-12\">\r\n                                    <div class=\"inner-column\">\r\n                                        <h3><a href=\"https:\/\/rusticaestates.com\/en\/banalauria\/\">Benalaur\u00eda<\/a><\/h3>\r\n                                        <div class=\"text\">Benalaur\u00eda is a Spanish municipality in the province of M\u00e1laga, Andalusia, located to the east of the province in the Valle del Genal, being one of the towns that&hellip;<\/div>\r\n                                        <ul class=\"post-meta\">\r\n                                            <li><span class=\"icon fa fa-user-md\"><\/span>Alejandro<\/li>\r\n                                            <li><span class=\"icon fa fa-calendar-check-o\"><\/span>6 de October de 2021<\/li>\r\n                                        <\/ul>\r\n                                    <\/div>\r\n                                <\/div>\r\n\r\n                            <\/div>\r\n                        <\/div>\r\n                    <\/div>\r\n                    \r\n                                        \r\n\r\n                    <!--Styled Pagination-->\r\n                                    \r\n                    <!--End Styled Pagination-->\r\n\r\n                <\/div>\r\n            <\/div>\r\n\r\n            <!--Sidebar Side-->\r\n            <div class=\"sidebar-side col-lg-4 col-md-4 col-sm-12 col-xs-12\">\r\n                <aside class=\"sidebar\">\r\n\r\n                    <!--Sidebar Side-->\r\n\t\t\t\t\t\r\n\t\t\t\t\t\t<div class=\"sidebar-widget widget_search\"><div class=\"sidebar-title\"><h3>Search<\/h3><div class=\"separator\"><\/div><\/div><div class=\"sidebar-widget search-box\">\r\n    <form method=\"get\" action=\"https:\/\/rusticaestates.com\/en\/\">\r\n        <div class=\"form-group\">\r\n            <input type=\"search\" name=\"s\" value=\"\" placeholder=\"Search\" required>\r\n            <button type=\"submit\"><span class=\"icon fa fa-search\"><\/span><\/button>\r\n        <\/div>\r\n    <\/form>\r\n<\/div><\/div><div class=\"sidebar-widget widget_nav_menu\"><div class=\"sidebar-title\"><h3>Towns<\/h3><div class=\"separator\"><\/div><\/div><div class=\"menu-towns-container\"><ul id=\"menu-towns\" class=\"menu\"><li id=\"menu-item-6969\" class=\"menu-item menu-item-type-post_type menu-item-object-post menu-item-6969\"><a href=\"https:\/\/rusticaestates.com\/en\/algar\/\">Algar<\/a><\/li>\n<li id=\"menu-item-6970\" class=\"menu-item menu-item-type-post_type menu-item-object-post menu-item-6970\"><a href=\"https:\/\/rusticaestates.com\/en\/algatocin\/\">Algatoc\u00edn<\/a><\/li>\n<li id=\"menu-item-6971\" class=\"menu-item menu-item-type-post_type menu-item-object-post menu-item-6971\"><a href=\"https:\/\/rusticaestates.com\/en\/alpandeire\/\">Alpandeire<\/a><\/li>\n<li id=\"menu-item-6972\" class=\"menu-item menu-item-type-custom menu-item-object-custom menu-item-6972\"><a href=\"https:\/\/rusticaestates.com\/pueblo\/Andalucia\">Andaluc\u00eda<\/a><\/li>\n<li id=\"menu-item-6973\" class=\"menu-item menu-item-type-post_type menu-item-object-post menu-item-6973\"><a href=\"https:\/\/rusticaestates.com\/en\/arcos-de-la-frontera\/\">Arcos de la Frontera<\/a><\/li>\n<li id=\"menu-item-6974\" class=\"menu-item menu-item-type-custom menu-item-object-custom menu-item-6974\"><a href=\"https:\/\/rusticaestates.com\/pueblo\/Ardales\">Ardales<\/a><\/li>\n<li id=\"menu-item-6975\" class=\"menu-item menu-item-type-custom menu-item-object-custom menu-item-6975\"><a href=\"https:\/\/rusticaestates.com\/pueblo\/Arriate\">Arriate<\/a><\/li>\n<li id=\"menu-item-6976\" class=\"menu-item menu-item-type-post_type menu-item-object-post menu-item-6976\"><a href=\"https:\/\/rusticaestates.com\/en\/atajate\/\">Atajate<\/a><\/li>\n<li id=\"menu-item-6977\" class=\"menu-item menu-item-type-post_type menu-item-object-post menu-item-6977\"><a href=\"https:\/\/rusticaestates.com\/en\/benadalid\/\">Benadalid<\/a><\/li>\n<li id=\"menu-item-6978\" class=\"menu-item menu-item-type-post_type menu-item-object-post menu-item-6978\"><a href=\"https:\/\/rusticaestates.com\/en\/banalauria\/\">Benalaur\u00eda<\/a><\/li>\n<li id=\"menu-item-6979\" class=\"menu-item menu-item-type-post_type menu-item-object-post menu-item-6979\"><a href=\"https:\/\/rusticaestates.com\/en\/benarraba\/\">Benarrab\u00e1<\/a><\/li>\n<li id=\"menu-item-6980\" class=\"menu-item menu-item-type-custom menu-item-object-custom menu-item-6980\"><a href=\"https:\/\/rusticaestates.com\/pueblo\/Canete-La-Real\">Ca\u00f1ete La Real<\/a><\/li>\n<li id=\"menu-item-6981\" class=\"menu-item menu-item-type-custom menu-item-object-custom menu-item-6981\"><a href=\"https:\/\/rusticaestates.com\/pueblo\/Cartajima\">Cartajima<\/a><\/li>\n<li id=\"menu-item-6982\" class=\"menu-item menu-item-type-custom menu-item-object-custom menu-item-6982\"><a href=\"https:\/\/rusticaestates.com\/pueblo\/Cartama\">C\u00e1rtama<\/a><\/li>\n<li id=\"menu-item-6983\" class=\"menu-item menu-item-type-custom menu-item-object-custom menu-item-6983\"><a href=\"https:\/\/rusticaestates.com\/pueblo\/Casabermeja\">Casabermeja<\/a><\/li>\n<li id=\"menu-item-6984\" class=\"menu-item menu-item-type-custom menu-item-object-custom menu-item-6984\"><a href=\"https:\/\/rusticaestates.com\/pueblo\/Casares\">Casares<\/a><\/li>\n<li id=\"menu-item-6985\" class=\"menu-item menu-item-type-post_type menu-item-object-post menu-item-6985\"><a href=\"https:\/\/rusticaestates.com\/en\/coin\/\">Co\u00edn<\/a><\/li>\n<li id=\"menu-item-6986\" class=\"menu-item menu-item-type-post_type menu-item-object-post menu-item-6986\"><a href=\"https:\/\/rusticaestates.com\/en\/cortes-de-la-frontera\/\">Cort\u00e9s de la Frontera<\/a><\/li>\n<li id=\"menu-item-6987\" class=\"menu-item menu-item-type-custom menu-item-object-custom menu-item-6987\"><a href=\"https:\/\/rusticaestates.com\/pueblo\/Costa-del-Sol\">Costa del Sol<\/a><\/li>\n<li id=\"menu-item-6988\" class=\"menu-item menu-item-type-custom menu-item-object-custom menu-item-6988\"><a href=\"https:\/\/rusticaestates.com\/pueblo\/Costa-del-Sol-occidental\">Costa del Sol Occidental<\/a><\/li>\n<li id=\"menu-item-6989\" class=\"menu-item menu-item-type-custom menu-item-object-custom menu-item-6989\"><a href=\"https:\/\/rusticaestates.com\/pueblo\/El-Burgo\">El Burgo<\/a><\/li>\n<li id=\"menu-item-6990\" class=\"menu-item menu-item-type-custom menu-item-object-custom menu-item-6990\"><a href=\"https:\/\/rusticaestates.com\/pueblo\/Estaci\u00f3n-de-Cartama\">Estaci\u00f3n de C\u00e1rtama<\/a><\/li>\n<li id=\"menu-item-6991\" class=\"menu-item menu-item-type-custom menu-item-object-custom menu-item-6991\"><a href=\"https:\/\/rusticaestates.com\/pueblo\/Estaci\u00f3n-de-Gaucin\">Estaci\u00f3n de Gauc\u00edn<\/a><\/li>\n<li id=\"menu-item-6992\" class=\"menu-item menu-item-type-post_type menu-item-object-post menu-item-6992\"><a href=\"https:\/\/rusticaestates.com\/en\/estepona\/\">Estepona<\/a><\/li>\n<li id=\"menu-item-6993\" class=\"menu-item menu-item-type-post_type menu-item-object-post menu-item-6993\"><a href=\"https:\/\/rusticaestates.com\/en\/farajan\/\">Faraj\u00e1n<\/a><\/li>\n<li id=\"menu-item-6994\" class=\"menu-item menu-item-type-post_type menu-item-object-post menu-item-6994\"><a href=\"https:\/\/rusticaestates.com\/en\/gaucin-el-balcon-de-la-serrania\/\">Gauc\u00edn, el balc\u00f3n de la Serrania<\/a><\/li>\n<li id=\"menu-item-6995\" class=\"menu-item menu-item-type-post_type menu-item-object-post menu-item-6995\"><a href=\"https:\/\/rusticaestates.com\/en\/genalguacil\/\">Genalguacil<\/a><\/li>\n<li id=\"menu-item-6996\" class=\"menu-item menu-item-type-custom menu-item-object-custom menu-item-6996\"><a href=\"https:\/\/rusticaestates.com\/pueblo\/Jimera-de-Libar\">Jimera de L\u00edbar<\/a><\/li>\n<li id=\"menu-item-6997\" class=\"menu-item menu-item-type-post_type menu-item-object-post menu-item-6997\"><a href=\"https:\/\/rusticaestates.com\/en\/jubrique\/\">Jubrique<\/a><\/li>\n<li id=\"menu-item-6998\" class=\"menu-item menu-item-type-post_type menu-item-object-post menu-item-6998\"><a href=\"https:\/\/rusticaestates.com\/en\/juzcar\/\">J\u00fazcar<\/a><\/li>\n<li id=\"menu-item-6999\" class=\"menu-item menu-item-type-custom menu-item-object-custom menu-item-6999\"><a href=\"https:\/\/rusticaestates.com\/pueblo\/Malaga\">M\u00e1laga<\/a><\/li>\n<li id=\"menu-item-7000\" class=\"menu-item menu-item-type-post_type menu-item-object-post menu-item-7000\"><a href=\"https:\/\/rusticaestates.com\/en\/manilva\/\">Manilva<\/a><\/li>\n<li id=\"menu-item-7001\" class=\"menu-item menu-item-type-post_type menu-item-object-post menu-item-7001\"><a href=\"https:\/\/rusticaestates.com\/en\/marbella\/\">Marbella<\/a><\/li>\n<li id=\"menu-item-7002\" class=\"menu-item menu-item-type-custom menu-item-object-custom menu-item-7002\"><a href=\"https:\/\/rusticaestates.com\/pueblo\/Monda\/\">Monda<\/a><\/li>\n<li id=\"menu-item-7003\" class=\"menu-item menu-item-type-post_type menu-item-object-post menu-item-7003\"><a href=\"https:\/\/rusticaestates.com\/en\/ronda\/\">Ronda<\/a><\/li>\n<li id=\"menu-item-7004\" class=\"menu-item menu-item-type-custom menu-item-object-custom menu-item-7004\"><a href=\"https:\/\/rusticaestates.com\/pueblo\/San-Luis-de-Sabinillas\">San Luis de Sabinillas<\/a><\/li>\n<li id=\"menu-item-7005\" class=\"menu-item menu-item-type-custom menu-item-object-custom menu-item-7005\"><a href=\"https:\/\/rusticaestates.com\/pueblo\/San-Martin-del-Tesorillo\">San Mart\u00edn del Tesorillo<\/a><\/li>\n<li id=\"menu-item-7006\" class=\"menu-item menu-item-type-post_type menu-item-object-post menu-item-7006\"><a href=\"https:\/\/rusticaestates.com\/en\/san-pablo-de-buceite\/\">San Pablo de Buceite<\/a><\/li>\n<li id=\"menu-item-7007\" class=\"menu-item menu-item-type-custom menu-item-object-custom menu-item-7007\"><a href=\"https:\/\/rusticaestates.com\/pueblo\/San-Pedro-de-Alcantara\">San Pedro de Alc\u00e1ntara<\/a><\/li>\n<li id=\"menu-item-7008\" class=\"menu-item menu-item-type-custom menu-item-object-custom menu-item-7008\"><a href=\"https:\/\/rusticaestates.com\/pueblo\/Serrania-de-Ronda\">Serran\u00eda de Ronda<\/a><\/li>\n<li id=\"menu-item-7009\" class=\"menu-item menu-item-type-custom menu-item-object-custom menu-item-7009\"><a href=\"https:\/\/rusticaestates.com\/pueblo\/Setenil-de-Las-Bodegas\">Setenil de Las Bodegas<\/a><\/li>\n<li id=\"menu-item-7010\" class=\"menu-item menu-item-type-post_type menu-item-object-post menu-item-7010\"><a href=\"https:\/\/rusticaestates.com\/en\/sabinillas\/\">Sabinillas<\/a><\/li>\n<li id=\"menu-item-7011\" class=\"menu-item menu-item-type-custom menu-item-object-custom menu-item-7011\"><a href=\"https:\/\/rusticaestates.com\/pueblo\/Sierra-de-Cadiz\">Sierra de C\u00e1diz<\/a><\/li>\n<li id=\"menu-item-7012\" class=\"menu-item menu-item-type-custom menu-item-object-custom menu-item-7012\"><a href=\"https:\/\/rusticaestates.com\/pueblo\/Sierra-de-las-Nieves\">Sierra de las Nieves<\/a><\/li>\n<li id=\"menu-item-7013\" class=\"menu-item menu-item-type-post_type menu-item-object-post menu-item-7013\"><a href=\"https:\/\/rusticaestates.com\/en\/sotogrande\/\">Sotogrande<\/a><\/li>\n<li id=\"menu-item-7014\" class=\"menu-item menu-item-type-post_type menu-item-object-post menu-item-7014\"><a href=\"https:\/\/rusticaestates.com\/en\/tesorillo\/\">Tesorillo<\/a><\/li>\n<li id=\"menu-item-7015\" class=\"menu-item menu-item-type-post_type menu-item-object-post menu-item-7015\"><a href=\"https:\/\/rusticaestates.com\/en\/valle-del-genal\/\">Valle del Genal<\/a><\/li>\n<li id=\"menu-item-7016\" class=\"menu-item menu-item-type-custom menu-item-object-custom menu-item-7016\"><a href=\"https:\/\/rusticaestates.com\/pueblo\/Valle-del-Guadalhorce\">Valle del Guadalhorce<\/a><\/li>\n<li id=\"menu-item-7017\" class=\"menu-item menu-item-type-custom menu-item-object-custom menu-item-7017\"><a href=\"https:\/\/rusticaestates.com\/pueblo\/Valle-del-Guadiaro\">Valle del Guadiaro<\/a><\/li>\n<li id=\"menu-item-7018\" class=\"menu-item menu-item-type-custom menu-item-object-custom menu-item-7018\"><a href=\"https:\/\/rusticaestates.com\/pueblo\/Vejer-de-la-Frontera\">Vejer de la Frontera<\/a><\/li>\n<li id=\"menu-item-7019\" class=\"menu-item menu-item-type-custom menu-item-object-custom menu-item-7019\"><a href=\"https:\/\/rusticaestates.com\/pueblo\/Villafranco-de-Guadalhorce\">Villafranco de Guadalhorce<\/a><\/li>\n<\/ul><\/div><\/div>\r\n\t\t\t\t\t\r\n                <\/aside>\r\n            <\/div>\r\n\r\n        <\/div>\r\n    <\/div>\r\n<\/div>\r\n\r\n\r\n\r\n<!--Sidebar Page Container-->\r\n<div class=\"sidebar-page-container\">\r\n    <div class=\"auto-container\">\r\n        <div class=\"row clearfix\">\r\n\r\n            <!--Content Side \/ Property List-->\r\n            <div class=\"content-side col-lg-8 col-md-8 col-sm-12 col-xs-12\">\r\n                <div class=\"property-list\">\r\n\r\n                    <!--News Block Four-->\r\n                                        \r\n                        <div class=\"news-block-four\">\r\n                        <div class=\"inner-box\">\r\n                            <div class=\"row clearfix\">\r\n\r\n                                <!--Image Column-->\r\n                                <div class=\"image-column  col-md-7 col-sm-7 col-xs-12\">\r\n                                    <div class=\"image\">\r\n                                        <a href=\"https:\/\/rusticaestates.com\/en\/benarraba\/\">\r\n                                            <img loading=\"lazy\" decoding=\"async\" width=\"437\" height=\"305\" src=\"https:\/\/rusticaestates.com\/wp-content\/uploads\/2021\/07\/Benarraba2-437x305.jpg\" class=\"img-responsive wp-post-image\" alt=\"\">                                        <\/a>\r\n                                    <\/div>\r\n                                <\/div>\r\n                                <!--Content Column-->\r\n                                <div class=\"content-column  col-md-5 col-sm-5 col-xs-12\">\r\n                                    <div class=\"inner-column\">\r\n                                        <h3><a href=\"https:\/\/rusticaestates.com\/en\/benarraba\/\">Benarrab\u00e1<\/a><\/h3>\r\n                                        <div class=\"text\">Benarrab\u00e1 is a Spanish municipality in the province of Malaga, Andalusia, located in the east of the province in the Genal Valley, being one of the towns that make up&hellip;<\/div>\r\n                                        <ul class=\"post-meta\">\r\n                                            <li><span class=\"icon fa fa-user-md\"><\/span>Alejandro<\/li>\r\n                                            <li><span class=\"icon fa fa-calendar-check-o\"><\/span>3 de July de 2021<\/li>\r\n                                        <\/ul>\r\n                                    <\/div>\r\n                                <\/div>\r\n\r\n                            <\/div>\r\n                        <\/div>\r\n                    <\/div>\r\n                    \r\n                                        \r\n                        <div class=\"news-block-five\">\r\n                        <div class=\"inner-box\">\r\n                            <div class=\"row clearfix\">\r\n\r\n                                <!--Image Column-->\r\n                                <div class=\"image-column pull-right col-md-7 col-sm-7 col-xs-12\">\r\n                                    <div class=\"image\">\r\n                                        <a href=\"https:\/\/rusticaestates.com\/en\/coin\/\">\r\n                                                                                    <\/a>\r\n                                    <\/div>\r\n                                <\/div>\r\n                                <!--Content Column-->\r\n                                <div class=\"content-column pull-left col-md-5 col-sm-5 col-xs-12\">\r\n                                    <div class=\"inner-column\">\r\n                                        <h3><a href=\"https:\/\/rusticaestates.com\/en\/coin\/\">Co\u00edn<\/a><\/h3>\r\n                                        <div class=\"text\">During the five centuries that the Muslim occupation remained in Co\u00edn, the main economic activity was agriculture, far from the castle walls, as well as the use of water, which&hellip;<\/div>\r\n                                        <ul class=\"post-meta\">\r\n                                            <li><span class=\"icon fa fa-user-md\"><\/span>Alejandro<\/li>\r\n                                            <li><span class=\"icon fa fa-calendar-check-o\"><\/span>6 de October de 2021<\/li>\r\n                                        <\/ul>\r\n                                    <\/div>\r\n                                <\/div>\r\n\r\n                            <\/div>\r\n                        <\/div>\r\n                    <\/div>\r\n                    \r\n                                        \r\n\r\n                    <!--Styled Pagination-->\r\n                                    \r\n                    <!--End Styled Pagination-->\r\n\r\n                <\/div>\r\n            <\/div>\r\n\r\n            <!--Sidebar Side-->\r\n            <div class=\"sidebar-side col-lg-4 col-md-4 col-sm-12 col-xs-12\">\r\n                <aside class=\"sidebar\">\r\n\r\n                    <!--Sidebar Side-->\r\n\t\t\t\t\t\r\n                <\/aside>\r\n            <\/div>\r\n\r\n        <\/div>\r\n    <\/div>\r\n<\/div>\r\n\r\n\r\n\r\n<!--Sidebar Page Container-->\r\n<div class=\"sidebar-page-container\">\r\n    <div class=\"auto-container\">\r\n        <div class=\"row clearfix\">\r\n\r\n            <!--Content Side \/ Property List-->\r\n            <div class=\"content-side col-lg-8 col-md-8 col-sm-12 col-xs-12\">\r\n                <div class=\"property-list\">\r\n\r\n                    <!--News Block Four-->\r\n                                        \r\n                        <div class=\"news-block-four\">\r\n                        <div class=\"inner-box\">\r\n                            <div class=\"row clearfix\">\r\n\r\n                                <!--Image Column-->\r\n                                <div class=\"image-column  col-md-7 col-sm-7 col-xs-12\">\r\n                                    <div class=\"image\">\r\n                                        <a href=\"https:\/\/rusticaestates.com\/en\/cortes-de-la-frontera\/\">\r\n                                            <img loading=\"lazy\" decoding=\"async\" width=\"437\" height=\"305\" src=\"https:\/\/rusticaestates.com\/wp-content\/uploads\/2021\/06\/EYUkCh8WsAMHz2h-437x305.jpg\" class=\"img-responsive wp-post-image\" alt=\"\">                                        <\/a>\r\n                                    <\/div>\r\n                                <\/div>\r\n                                <!--Content Column-->\r\n                                <div class=\"content-column  col-md-5 col-sm-5 col-xs-12\">\r\n                                    <div class=\"inner-column\">\r\n                                        <h3><a href=\"https:\/\/rusticaestates.com\/en\/cortes-de-la-frontera\/\">Cort\u00e9s de la Frontera<\/a><\/h3>\r\n                                        <div class=\"text\">During the 11th and 12th centuries B.C., Phoenician expeditions arrived in what is now Cortes, and confronted the Tartessians, whom they defeated, settling in this area and contributing numerous agricultural&hellip;<\/div>\r\n                                        <ul class=\"post-meta\">\r\n                                            <li><span class=\"icon fa fa-user-md\"><\/span>Alejandro<\/li>\r\n                                            <li><span class=\"icon fa fa-calendar-check-o\"><\/span>4 de July de 2021<\/li>\r\n                                        <\/ul>\r\n                                    <\/div>\r\n                                <\/div>\r\n\r\n                            <\/div>\r\n                        <\/div>\r\n                    <\/div>\r\n                    \r\n                                        \r\n                        <div class=\"news-block-five\">\r\n                        <div class=\"inner-box\">\r\n                            <div class=\"row clearfix\">\r\n\r\n                                <!--Image Column-->\r\n                                <div class=\"image-column pull-right col-md-7 col-sm-7 col-xs-12\">\r\n                                    <div class=\"image\">\r\n                                        <a href=\"https:\/\/rusticaestates.com\/en\/estepona\/\">\r\n                                            <img loading=\"lazy\" decoding=\"async\" width=\"437\" height=\"305\" src=\"https:\/\/rusticaestates.com\/wp-content\/uploads\/2021\/07\/photo_311-437x305.jpg\" class=\"img-responsive wp-post-image\" alt=\"\">                                        <\/a>\r\n                                    <\/div>\r\n                                <\/div>\r\n                                <!--Content Column-->\r\n                                <div class=\"content-column pull-left col-md-5 col-sm-5 col-xs-12\">\r\n                                    <div class=\"inner-column\">\r\n                                        <h3><a href=\"https:\/\/rusticaestates.com\/en\/estepona\/\">Estepona<\/a><\/h3>\r\n                                        <div class=\"text\">Located on the western Costa del Sol, Estepona is one of the most popular tourist destinations in Andalusia, and has been gaining importance in recent years thanks to its great&hellip;<\/div>\r\n                                        <ul class=\"post-meta\">\r\n                                            <li><span class=\"icon fa fa-user-md\"><\/span>Alejandro<\/li>\r\n                                            <li><span class=\"icon fa fa-calendar-check-o\"><\/span>5 de July de 2021<\/li>\r\n                                        <\/ul>\r\n                                    <\/div>\r\n                                <\/div>\r\n\r\n                            <\/div>\r\n                        <\/div>\r\n                    <\/div>\r\n                    \r\n                                        \r\n                        <div class=\"news-block-four\">\r\n                        <div class=\"inner-box\">\r\n                            <div class=\"row clearfix\">\r\n\r\n                                <!--Image Column-->\r\n                                <div class=\"image-column  col-md-7 col-sm-7 col-xs-12\">\r\n                                    <div class=\"image\">\r\n                                        <a href=\"https:\/\/rusticaestates.com\/en\/farajan\/\">\r\n                                            <img loading=\"lazy\" decoding=\"async\" width=\"437\" height=\"305\" src=\"https:\/\/rusticaestates.com\/wp-content\/uploads\/2021\/07\/maxresdefault-437x305.jpg\" class=\"img-responsive wp-post-image\" alt=\"\">                                        <\/a>\r\n                                    <\/div>\r\n                                <\/div>\r\n                                <!--Content Column-->\r\n                                <div class=\"content-column  col-md-5 col-sm-5 col-xs-12\">\r\n                                    <div class=\"inner-column\">\r\n                                        <h3><a href=\"https:\/\/rusticaestates.com\/en\/farajan\/\">Faraj\u00e1n<\/a><\/h3>\r\n                                        <div class=\"text\">Faraj\u00e1n, comes from the Arabic and means pleasant place. It is an undoubtedly correct name since its geographical situation at the head of the Genal river gives it a singular&hellip;<\/div>\r\n                                        <ul class=\"post-meta\">\r\n                                            <li><span class=\"icon fa fa-user-md\"><\/span>Alejandro<\/li>\r\n                                            <li><span class=\"icon fa fa-calendar-check-o\"><\/span>5 de July de 2021<\/li>\r\n                                        <\/ul>\r\n                                    <\/div>\r\n                                <\/div>\r\n\r\n                            <\/div>\r\n                        <\/div>\r\n                    <\/div>\r\n                    \r\n                                        \r\n                        <div class=\"news-block-five\">\r\n                        <div class=\"inner-box\">\r\n                            <div class=\"row clearfix\">\r\n\r\n                                <!--Image Column-->\r\n                                <div class=\"image-column pull-right col-md-7 col-sm-7 col-xs-12\">\r\n                                    <div class=\"image\">\r\n                                        <a href=\"https:\/\/rusticaestates.com\/en\/gaucin-el-balcon-de-la-serrania\/\">\r\n                                            <img loading=\"lazy\" decoding=\"async\" width=\"437\" height=\"305\" src=\"https:\/\/rusticaestates.com\/wp-content\/uploads\/2021\/06\/gettyimages-924919318-1594630483-437x305.jpg\" class=\"img-responsive wp-post-image\" alt=\"\">                                        <\/a>\r\n                                    <\/div>\r\n                                <\/div>\r\n                                <!--Content Column-->\r\n                                <div class=\"content-column pull-left col-md-5 col-sm-5 col-xs-12\">\r\n                                    <div class=\"inner-column\">\r\n                                        <h3><a href=\"https:\/\/rusticaestates.com\/en\/gaucin-el-balcon-de-la-serrania\/\">Gauc\u00edn, el balc\u00f3n de la Serrania<\/a><\/h3>\r\n                                        <div class=\"text\">With its approximately 1,500 inhabitants, Gauc\u00edn is one of those towns that has attracted the attention of tourists of all nationalities and has become the home of many others who&hellip;<\/div>\r\n                                        <ul class=\"post-meta\">\r\n                                            <li><span class=\"icon fa fa-user-md\"><\/span>Alejandro<\/li>\r\n                                            <li><span class=\"icon fa fa-calendar-check-o\"><\/span>5 de July de 2021<\/li>\r\n                                        <\/ul>\r\n                                    <\/div>\r\n                                <\/div>\r\n\r\n                            <\/div>\r\n                        <\/div>\r\n                    <\/div>\r\n                    \r\n                                        \r\n                        <div class=\"news-block-four\">\r\n                        <div class=\"inner-box\">\r\n                            <div class=\"row clearfix\">\r\n\r\n                                <!--Image Column-->\r\n                                <div class=\"image-column  col-md-7 col-sm-7 col-xs-12\">\r\n                                    <div class=\"image\">\r\n                                        <a href=\"https:\/\/rusticaestates.com\/en\/genalguacil\/\">\r\n                                            <img loading=\"lazy\" decoding=\"async\" width=\"437\" height=\"305\" src=\"https:\/\/rusticaestates.com\/wp-content\/uploads\/2021\/07\/207801-437x305.jpg\" class=\"img-responsive wp-post-image\" alt=\"\">                                        <\/a>\r\n                                    <\/div>\r\n                                <\/div>\r\n                                <!--Content Column-->\r\n                                <div class=\"content-column  col-md-5 col-sm-5 col-xs-12\">\r\n                                    <div class=\"inner-column\">\r\n                                        <h3><a href=\"https:\/\/rusticaestates.com\/en\/genalguacil\/\">Genalguacil<\/a><\/h3>\r\n                                        <div class=\"text\">Its origin is clearly Arab, although archaeological remains dating from prehistoric times have been found in its municipal area. Its name comes from Arabic: Gema-Al wacir, which means \"the gardens&hellip;<\/div>\r\n                                        <ul class=\"post-meta\">\r\n                                            <li><span class=\"icon fa fa-user-md\"><\/span>Alejandro<\/li>\r\n                                            <li><span class=\"icon fa fa-calendar-check-o\"><\/span>5 de July de 2021<\/li>\r\n                                        <\/ul>\r\n                                    <\/div>\r\n                                <\/div>\r\n\r\n                            <\/div>\r\n                        <\/div>\r\n                    <\/div>\r\n                    \r\n                                        \r\n                        <div class=\"news-block-five\">\r\n                        <div class=\"inner-box\">\r\n                            <div class=\"row clearfix\">\r\n\r\n                                <!--Image Column-->\r\n                                <div class=\"image-column pull-right col-md-7 col-sm-7 col-xs-12\">\r\n                                    <div class=\"image\">\r\n                                        <a href=\"https:\/\/rusticaestates.com\/en\/jubrique\/\">\r\n                                            <img loading=\"lazy\" decoding=\"async\" width=\"437\" height=\"305\" src=\"https:\/\/rusticaestates.com\/wp-content\/uploads\/2021\/07\/Jubrique_y_Algatocin-437x305.jpg\" class=\"img-responsive wp-post-image\" alt=\"\">                                        <\/a>\r\n                                    <\/div>\r\n                                <\/div>\r\n                                <!--Content Column-->\r\n                                <div class=\"content-column pull-left col-md-5 col-sm-5 col-xs-12\">\r\n                                    <div class=\"inner-column\">\r\n                                        <h3><a href=\"https:\/\/rusticaestates.com\/en\/jubrique\/\">Jubrique<\/a><\/h3>\r\n                                        <div class=\"text\">Settled in the middle of the mountains with its streets adapting to the rough terrain creating the architecture so typical of the Serran\u00eda de Ronda region. A municipality with a&hellip;<\/div>\r\n                                        <ul class=\"post-meta\">\r\n                                            <li><span class=\"icon fa fa-user-md\"><\/span>Alejandro<\/li>\r\n                                            <li><span class=\"icon fa fa-calendar-check-o\"><\/span>5 de July de 2021<\/li>\r\n                                        <\/ul>\r\n                                    <\/div>\r\n                                <\/div>\r\n\r\n                            <\/div>\r\n                        <\/div>\r\n                    <\/div>\r\n                    \r\n                                        \r\n                        <div class=\"news-block-four\">\r\n                        <div class=\"inner-box\">\r\n                            <div class=\"row clearfix\">\r\n\r\n                                <!--Image Column-->\r\n                                <div class=\"image-column  col-md-7 col-sm-7 col-xs-12\">\r\n                                    <div class=\"image\">\r\n                                        <a href=\"https:\/\/rusticaestates.com\/en\/juzcar\/\">\r\n                                            <img loading=\"lazy\" decoding=\"async\" width=\"437\" height=\"305\" src=\"https:\/\/rusticaestates.com\/wp-content\/uploads\/2021\/07\/juzcar-pueblo-437x305.jpg\" class=\"img-responsive wp-post-image\" alt=\"\">                                        <\/a>\r\n                                    <\/div>\r\n                                <\/div>\r\n                                <!--Content Column-->\r\n                                <div class=\"content-column  col-md-5 col-sm-5 col-xs-12\">\r\n                                    <div class=\"inner-column\">\r\n                                        <h3><a href=\"https:\/\/rusticaestates.com\/en\/juzcar\/\">J\u00fazcar<\/a><\/h3>\r\n                                        <div class=\"text\">Nestled in the Serran\u00eda de Ronda J\u00fazcar, despite its small size, it was known internationally for tourism thanks to the fact that in 2011 it was chosen by the multinational&hellip;<\/div>\r\n                                        <ul class=\"post-meta\">\r\n                                            <li><span class=\"icon fa fa-user-md\"><\/span>Alejandro<\/li>\r\n                                            <li><span class=\"icon fa fa-calendar-check-o\"><\/span>5 de July de 2021<\/li>\r\n                                        <\/ul>\r\n                                    <\/div>\r\n                                <\/div>\r\n\r\n                            <\/div>\r\n                        <\/div>\r\n                    <\/div>\r\n                    \r\n                                        \r\n                        <div class=\"news-block-five\">\r\n                        <div class=\"inner-box\">\r\n                            <div class=\"row clearfix\">\r\n\r\n                                <!--Image Column-->\r\n                                <div class=\"image-column pull-right col-md-7 col-sm-7 col-xs-12\">\r\n                                    <div class=\"image\">\r\n                                        <a href=\"https:\/\/rusticaestates.com\/en\/manilva\/\">\r\n                                            <img loading=\"lazy\" decoding=\"async\" width=\"437\" height=\"305\" src=\"https:\/\/rusticaestates.com\/wp-content\/uploads\/2021\/07\/imagen_lugares_andalucia_malaga_manilva_puerto-de-la-duquesa-437x305.jpg\" class=\"img-responsive wp-post-image\" alt=\"\">                                        <\/a>\r\n                                    <\/div>\r\n                                <\/div>\r\n                                <!--Content Column-->\r\n                                <div class=\"content-column pull-left col-md-5 col-sm-5 col-xs-12\">\r\n                                    <div class=\"inner-column\">\r\n                                        <h3><a href=\"https:\/\/rusticaestates.com\/en\/manilva\/\">Manilva<\/a><\/h3>\r\n                                        <div class=\"text\">Between the Manilva River and the border with the province of C\u00e1diz, the lands of this municipality are home to five urban centers, which emerged at different times, among which&hellip;<\/div>\r\n                                        <ul class=\"post-meta\">\r\n                                            <li><span class=\"icon fa fa-user-md\"><\/span>Alejandro<\/li>\r\n                                            <li><span class=\"icon fa fa-calendar-check-o\"><\/span>5 de July de 2021<\/li>\r\n                                        <\/ul>\r\n                                    <\/div>\r\n                                <\/div>\r\n\r\n                            <\/div>\r\n                        <\/div>\r\n                    <\/div>\r\n                    \r\n                                        \r\n                        <div class=\"news-block-four\">\r\n                        <div class=\"inner-box\">\r\n                            <div class=\"row clearfix\">\r\n\r\n                                <!--Image Column-->\r\n                                <div class=\"image-column  col-md-7 col-sm-7 col-xs-12\">\r\n                                    <div class=\"image\">\r\n                                        <a href=\"https:\/\/rusticaestates.com\/en\/marbella\/\">\r\n                                            <img loading=\"lazy\" decoding=\"async\" width=\"437\" height=\"305\" src=\"https:\/\/rusticaestates.com\/wp-content\/uploads\/2021\/07\/1-437x305.jpg\" class=\"img-responsive wp-post-image\" alt=\"\">                                        <\/a>\r\n                                    <\/div>\r\n                                <\/div>\r\n                                <!--Content Column-->\r\n                                <div class=\"content-column  col-md-5 col-sm-5 col-xs-12\">\r\n                                    <div class=\"inner-column\">\r\n                                        <h3><a href=\"https:\/\/rusticaestates.com\/en\/marbella\/\">Marbella<\/a><\/h3>\r\n                                        <div class=\"text\">Several millennia before Christ, there were already human settlements in the Sierra Blanca of Marbella, as attested by the objects and human remains from the Paleolithic and Neolithic times discovered&hellip;<\/div>\r\n                                        <ul class=\"post-meta\">\r\n                                            <li><span class=\"icon fa fa-user-md\"><\/span>Alejandro<\/li>\r\n                                            <li><span class=\"icon fa fa-calendar-check-o\"><\/span>5 de July de 2021<\/li>\r\n                                        <\/ul>\r\n                                    <\/div>\r\n                                <\/div>\r\n\r\n                            <\/div>\r\n                        <\/div>\r\n                    <\/div>\r\n                    \r\n                                        \r\n                        <div class=\"news-block-five\">\r\n                        <div class=\"inner-box\">\r\n                            <div class=\"row clearfix\">\r\n\r\n                                <!--Image Column-->\r\n                                <div class=\"image-column pull-right col-md-7 col-sm-7 col-xs-12\">\r\n                                    <div class=\"image\">\r\n                                        <a href=\"https:\/\/rusticaestates.com\/en\/ronda\/\">\r\n                                            <img loading=\"lazy\" decoding=\"async\" width=\"437\" height=\"305\" src=\"https:\/\/rusticaestates.com\/wp-content\/uploads\/2021\/07\/ronda-malaga-1551367291-437x305.jpg\" class=\"img-responsive wp-post-image\" alt=\"\">                                        <\/a>\r\n                                    <\/div>\r\n                                <\/div>\r\n                                <!--Content Column-->\r\n                                <div class=\"content-column pull-left col-md-5 col-sm-5 col-xs-12\">\r\n                                    <div class=\"inner-column\">\r\n                                        <h3><a href=\"https:\/\/rusticaestates.com\/en\/ronda\/\">Ronda<\/a><\/h3>\r\n                                        <div class=\"text\">Ronda is one of the oldest cities in Spain. Its origins date back to the Neolithic, according to archaeological discoveries made in its old town. However, the presence of man&hellip;<\/div>\r\n                                        <ul class=\"post-meta\">\r\n                                            <li><span class=\"icon fa fa-user-md\"><\/span>Alejandro<\/li>\r\n                                            <li><span class=\"icon fa fa-calendar-check-o\"><\/span>5 de July de 2021<\/li>\r\n                                        <\/ul>\r\n                                    <\/div>\r\n                                <\/div>\r\n\r\n                            <\/div>\r\n                        <\/div>\r\n                    <\/div>\r\n                    \r\n                                        \r\n                        <div class=\"news-block-four\">\r\n                        <div class=\"inner-box\">\r\n                            <div class=\"row clearfix\">\r\n\r\n                                <!--Image Column-->\r\n                                <div class=\"image-column  col-md-7 col-sm-7 col-xs-12\">\r\n                                    <div class=\"image\">\r\n                                        <a href=\"https:\/\/rusticaestates.com\/en\/sabinillas\/\">\r\n                                            <img loading=\"lazy\" decoding=\"async\" width=\"437\" height=\"305\" src=\"https:\/\/rusticaestates.com\/wp-content\/uploads\/2021\/07\/imagen_lugares_andalucia_malaga_manilva_puerto-de-la-duquesa-437x305.jpg\" class=\"img-responsive wp-post-image\" alt=\"\">                                        <\/a>\r\n                                    <\/div>\r\n                                <\/div>\r\n                                <!--Content Column-->\r\n                                <div class=\"content-column  col-md-5 col-sm-5 col-xs-12\">\r\n                                    <div class=\"inner-column\">\r\n                                        <h3><a href=\"https:\/\/rusticaestates.com\/en\/sabinillas\/\">Sabinillas<\/a><\/h3>\r\n                                        <div class=\"text\">For more info search in Manilva Discover our properties in Sabinillas Properties in Sabinillas setsale \u20ac100,000 Ref. 047 Piso de dos dormitorios en Sabinillas M\u00e1laga, Andaluc\u00eda, Espa\u00f1a Piso de 65&hellip;<\/div>\r\n                                        <ul class=\"post-meta\">\r\n                                            <li><span class=\"icon fa fa-user-md\"><\/span>Alejandro<\/li>\r\n                                            <li><span class=\"icon fa fa-calendar-check-o\"><\/span>5 de July de 2021<\/li>\r\n                                        <\/ul>\r\n                                    <\/div>\r\n                                <\/div>\r\n\r\n                            <\/div>\r\n                        <\/div>\r\n                    <\/div>\r\n                    \r\n                                        \r\n                        <div class=\"news-block-five\">\r\n                        <div class=\"inner-box\">\r\n                            <div class=\"row clearfix\">\r\n\r\n                                <!--Image Column-->\r\n                                <div class=\"image-column pull-right col-md-7 col-sm-7 col-xs-12\">\r\n                                    <div class=\"image\">\r\n                                        <a href=\"https:\/\/rusticaestates.com\/en\/san-pablo-de-buceite\/\">\r\n                                                                                    <\/a>\r\n                                    <\/div>\r\n                                <\/div>\r\n                                <!--Content Column-->\r\n                                <div class=\"content-column pull-left col-md-5 col-sm-5 col-xs-12\">\r\n                                    <div class=\"inner-column\">\r\n                                        <h3><a href=\"https:\/\/rusticaestates.com\/en\/san-pablo-de-buceite\/\">San Pablo de Buceite<\/a><\/h3>\r\n                                        <div class=\"text\">San Pablo de Buceite is a town that enjoys a privileged enclave, always green, and abundant leafiness thanks to its location to the northeast of the municipality of Jimena de&hellip;<\/div>\r\n                                        <ul class=\"post-meta\">\r\n                                            <li><span class=\"icon fa fa-user-md\"><\/span>Alejandro<\/li>\r\n                                            <li><span class=\"icon fa fa-calendar-check-o\"><\/span>6 de October de 2021<\/li>\r\n                                        <\/ul>\r\n                                    <\/div>\r\n                                <\/div>\r\n\r\n                            <\/div>\r\n                        <\/div>\r\n                    <\/div>\r\n                    \r\n                                        \r\n\r\n                    <!--Styled Pagination-->\r\n                                    \r\n                    <!--End Styled Pagination-->\r\n\r\n                <\/div>\r\n            <\/div>\r\n\r\n            <!--Sidebar Side-->\r\n            <div class=\"sidebar-side col-lg-4 col-md-4 col-sm-12 col-xs-12\">\r\n                <aside class=\"sidebar\">\r\n\r\n                    <!--Sidebar Side-->\r\n\t\t\t\t\t\r\n                <\/aside>\r\n            <\/div>\r\n\r\n        <\/div>\r\n    <\/div>\r\n<\/div>\r\n\r\n\r\n\r\n<!--Sidebar Page Container-->\r\n<div class=\"sidebar-page-container\">\r\n    <div class=\"auto-container\">\r\n        <div class=\"row clearfix\">\r\n\r\n            <!--Content Side \/ Property List-->\r\n            <div class=\"content-side col-lg-8 col-md-8 col-sm-12 col-xs-12\">\r\n                <div class=\"property-list\">\r\n\r\n                    <!--News Block Four-->\r\n                                        \r\n                        <div class=\"news-block-four\">\r\n                        <div class=\"inner-box\">\r\n                            <div class=\"row clearfix\">\r\n\r\n                                <!--Image Column-->\r\n                                <div class=\"image-column  col-md-7 col-sm-7 col-xs-12\">\r\n                                    <div class=\"image\">\r\n                                        <a href=\"https:\/\/rusticaestates.com\/en\/sotogrande\/\">\r\n                                            <img loading=\"lazy\" decoding=\"async\" width=\"437\" height=\"305\" src=\"https:\/\/rusticaestates.com\/wp-content\/uploads\/2021\/07\/147433-437x305.jpg\" class=\"img-responsive wp-post-image\" alt=\"\">                                        <\/a>\r\n                                    <\/div>\r\n                                <\/div>\r\n                                <!--Content Column-->\r\n                                <div class=\"content-column  col-md-5 col-sm-5 col-xs-12\">\r\n                                    <div class=\"inner-column\">\r\n                                        <h3><a href=\"https:\/\/rusticaestates.com\/en\/sotogrande\/\">Sotogrande<\/a><\/h3>\r\n                                        <div class=\"text\">\u00a0Nucleus located in the vicinity of the Guadiaro Mouth Natural Area, which has become one of the most important high-level tourist centers in the community, thanks to its privileged geographical&hellip;<\/div>\r\n                                        <ul class=\"post-meta\">\r\n                                            <li><span class=\"icon fa fa-user-md\"><\/span>Alejandro<\/li>\r\n                                            <li><span class=\"icon fa fa-calendar-check-o\"><\/span>5 de July de 2021<\/li>\r\n                                        <\/ul>\r\n                                    <\/div>\r\n                                <\/div>\r\n\r\n                            <\/div>\r\n                        <\/div>\r\n                    <\/div>\r\n                    \r\n                                        \r\n                        <div class=\"news-block-five\">\r\n                        <div class=\"inner-box\">\r\n                            <div class=\"row clearfix\">\r\n\r\n                                <!--Image Column-->\r\n                                <div class=\"image-column pull-right col-md-7 col-sm-7 col-xs-12\">\r\n                                    <div class=\"image\">\r\n                                        <a href=\"https:\/\/rusticaestates.com\/en\/tesorillo\/\">\r\n                                            <img loading=\"lazy\" decoding=\"async\" width=\"437\" height=\"305\" src=\"https:\/\/rusticaestates.com\/wp-content\/uploads\/2021\/07\/p-sanmartindeltesorillo-437x305.jpg\" class=\"img-responsive wp-post-image\" alt=\"\">                                        <\/a>\r\n                                    <\/div>\r\n                                <\/div>\r\n                                <!--Content Column-->\r\n                                <div class=\"content-column pull-left col-md-5 col-sm-5 col-xs-12\">\r\n                                    <div class=\"inner-column\">\r\n                                        <h3><a href=\"https:\/\/rusticaestates.com\/en\/tesorillo\/\">Tesorillo<\/a><\/h3>\r\n                                        <div class=\"text\">San Mart\u00edn del Tesorillo is a local autonomous entity established as such on April 19, 1999. It is located in the municipality of Jimena de la Frontera, in the Campo&hellip;<\/div>\r\n                                        <ul class=\"post-meta\">\r\n                                            <li><span class=\"icon fa fa-user-md\"><\/span>Alejandro<\/li>\r\n                                            <li><span class=\"icon fa fa-calendar-check-o\"><\/span>5 de July de 2021<\/li>\r\n                                        <\/ul>\r\n                                    <\/div>\r\n                                <\/div>\r\n\r\n                            <\/div>\r\n                        <\/div>\r\n                    <\/div>\r\n                    \r\n                                        \r\n                        <div class=\"news-block-four\">\r\n                        <div class=\"inner-box\">\r\n                            <div class=\"row clearfix\">\r\n\r\n                                <!--Image Column-->\r\n                                <div class=\"image-column  col-md-7 col-sm-7 col-xs-12\">\r\n                                    <div class=\"image\">\r\n                                        <a href=\"https:\/\/rusticaestates.com\/en\/valle-del-genal\/\">\r\n                                                                                    <\/a>\r\n                                    <\/div>\r\n                                <\/div>\r\n                                <!--Content Column-->\r\n                                <div class=\"content-column  col-md-5 col-sm-5 col-xs-12\">\r\n                                    <div class=\"inner-column\">\r\n                                        <h3><a href=\"https:\/\/rusticaestates.com\/en\/valle-del-genal\/\">Valle del Genal<\/a><\/h3>\r\n                                        <div class=\"text\">For many an unknown area of Andalusia, for others a place to spend weekends enjoying nature and for others the place to spend their lives and where to start new&hellip;<\/div>\r\n                                        <ul class=\"post-meta\">\r\n                                            <li><span class=\"icon fa fa-user-md\"><\/span>Alejandro<\/li>\r\n                                            <li><span class=\"icon fa fa-calendar-check-o\"><\/span>5 de July de 2021<\/li>\r\n                                        <\/ul>\r\n                                    <\/div>\r\n                                <\/div>\r\n\r\n                            <\/div>\r\n                        <\/div>\r\n                    <\/div>\r\n                    \r\n                                        \r\n\r\n                    <!--Styled Pagination-->\r\n                                    \r\n                    <!--End Styled Pagination-->\r\n\r\n                <\/div>\r\n            <\/div>\r\n\r\n            <!--Sidebar Side-->\r\n            <div class=\"sidebar-side col-lg-4 col-md-4 col-sm-12 col-xs-12\">\r\n                <aside class=\"sidebar\">\r\n\r\n                    <!--Sidebar Side-->\r\n\t\t\t\t\t\r\n                <\/aside>\r\n            <\/div>\r\n\r\n        <\/div>\r\n    <\/div>\r\n<\/div>\r\n\r\n<\/div><\/div><\/div><\/div><\/section>\n","protected":false},"excerpt":{"rendered":"","protected":false},"author":3,"featured_media":6039,"parent":0,"menu_order":0,"comment_status":"closed","ping_status":"closed","template":"tpl-king_composer.php","meta":{"_joinchat":[],"footnotes":""},"class_list":["post-6663","page","type-page","status-publish","has-post-thumbnail","hentry"],"_links":{"self":[{"href":"https:\/\/rusticaestates.com\/en\/wp-json\/wp\/v2\/pages\/6663"}],"collection":[{"href":"https:\/\/rusticaestates.com\/en\/wp-json\/wp\/v2\/pages"}],"about":[{"href":"https:\/\/rusticaestates.com\/en\/wp-json\/wp\/v2\/types\/page"}],"author":[{"embeddable":true,"href":"https:\/\/rusticaestates.com\/en\/wp-json\/wp\/v2\/users\/3"}],"replies":[{"embeddable":true,"href":"https:\/\/rusticaestates.com\/en\/wp-json\/wp\/v2\/comments?post=6663"}],"version-history":[{"count":0,"href":"https:\/\/rusticaestates.com\/en\/wp-json\/wp\/v2\/pages\/6663\/revisions"}],"wp:featuredmedia":[{"embeddable":true,"href":"https:\/\/rusticaestates.com\/en\/wp-json\/wp\/v2\/media\/6039"}],"wp:attachment":[{"href":"https:\/\/rusticaestates.com\/en\/wp-json\/wp\/v2\/media?parent=6663"}],"curies":[{"name":"wp","href":"https:\/\/api.w.org\/{rel}","templated":true}]}}